{"id":4045,"date":"2016-04-12T18:23:50","date_gmt":"2016-04-12T17:23:50","guid":{"rendered":"http:\/\/www.each.eu\/?page_id=4045"},"modified":"2024-11-26T10:19:46","modified_gmt":"2024-11-26T10:19:46","slug":"practice","status":"publish","type":"page","link":"https:\/\/each.international\/es\/practice\/","title":{"rendered":"Pol\u00edtica y pr\u00e1ctica"},"content":{"rendered":"<div class=\"wp-block-columns is-layout-flex wp-container-core-columns-is-layout-9d6595d7 wp-block-columns-is-layout-flex\">\n<div class=\"wp-block-column is-layout-flow wp-block-column-is-layout-flow\" style=\"flex-basis:66.66%\">\n<h2 class=\"wp-block-heading\">Lo que ofrece melocot\u00f3n<\/h2>\n\n\n\n<p>pEACH\u2019s role is to:<\/p>\n\n\n\n<ul class=\"wp-block-list\">\n<li>Impulsar un cambio cultural significativo<\/li>\n\n\n\n<li>Traducir la evidencia acad\u00e9mica actual a la pr\u00e1ctica de salud convencional.<\/li>\n<\/ul>\n\n\n\n<p>Hacemos esto mediante:<\/p>\n\n\n\n<ul class=\"wp-block-list\">\n<li>Informar a los actores clave y a la comunidad acad\u00e9mica que generan evidencia de comunicaci\u00f3n en salud.<\/li>\n\n\n\n<li>Hablar al personal cl\u00ednico de una manera que sea relevante para su contexto y pr\u00e1ctica cl\u00ednica diaria.<\/li>\n<\/ul>\n\n\n\n<p>pEACH\u2019s action strategy is aimed at:<\/p>\n\n\n\n<ul class=\"wp-block-list\">\n<li>Utilising evidence to develop specific action plans that can effectively translate existing evidence to organisation\u2019s structures and processes<\/li>\n\n\n\n<li>Desarrollar una gama de medidas de resultados s\u00f3lidas que muestren el impacto de tales iniciativas y fomenten la inversi\u00f3n en comunicaci\u00f3n sanitaria.<\/li>\n<\/ul>\n\n\n\n<p>Dentro de pEACH, estamos trabajando en una serie de proyectos para mejorar y ampliar el apoyo y la experiencia que ofrecemos a la comunidad de comunicaci\u00f3n sanitaria.<\/p>\n<\/div>\n\n\n\n<div class=\"wp-block-column is-layout-flow wp-block-column-is-layout-flow\" style=\"flex-basis:33.33%\">\n<h1 class=\"wp-block-heading\">Sugerir un tema<\/h1>\n\n\n\n<p>Si quieres sugerir alg\u00fan tema por favor escr\u00edbenos a <strong><a href=\"mailto:peach@each.international\">peach@each.international<\/a><\/strong><\/p>\n<\/div>\n<\/div>\n\n\n\n<div class=\"wp-block-group alignfull has-background\" style=\"background-color:#d74070\"><div class=\"wp-block-group__inner-container is-layout-constrained wp-block-group-is-layout-constrained\">\n<div class=\"wp-block-buttons is-content-justification-center is-layout-flex wp-container-core-buttons-is-layout-16018d1d wp-block-buttons-is-layout-flex\">\n<div class=\"wp-block-button\"><a class=\"wp-block-button__link has-black-color has-white-background-color has-text-color has-background has-link-color wp-element-button\" href=\"\/es\/projects\/policy-practice-projects\/\">Proyectos actuales<\/a><\/div>\n<\/div>\n<\/div><\/div>\n\n\n\n<h2 class=\"wp-block-heading\">EACH statement on communication and public awareness in WHO pandemic agreement<\/h2>\n\n\n\n<h3 class=\"wp-block-heading\">Communication in the next pandemic must be evidence-based<\/h3>\n\n\n\n<p><strong>CADA<\/strong><strong>: International Association for Communication in Healthcare calls for the negotiators of the WHO Pandemic Agreement to maintain and build on their commitment to evidence-based approaches to communication and public awareness in a future pandemic.<\/strong><\/p>\n\n\n\n<p>The COVID-19 pandemic has highlighted the critical role of planning and implementing effective communication strategies throughout a public health emergency. Policies were developed at a fast pace and necessarily relied on adjacent evidence due to the initial lack of specific research and the unprecedented urgency on a global scale. The pandemic also highlighted the challenges posed by the current \u201cinfodemic\u201d, including mis- and disinformation.<\/p>\n\n\n\n<p>In this context, EACH emphasises that evidence-based guidance for communication is central to shaping approaches to public health communication in a future pandemic. To ensure that policy and practice are evidence-based, person-centred, more inclusive and equitable, we advocate for investment in pandemic-specific research to inform the development of communication strategies, relevant and responsive training and policies, and supporting the translation of research to practice.<\/p>\n\n\n\n<p>A global agreement will provide a mandate for WHO members states, and policymakers as a whole, to connect with experts who are engaged in research and strive to implement the latest evidence. This will help build systemic approaches to improving communication during future pandemics and similar healthcare crises.<\/p>\n\n\n\n<p>Developing risk communication strategies based on scientific evidence from the fields of psychological, behavioural and social sciences, by means of interdisciplinary work across these fields, may improve effectiveness and help overcome psychological barriers that can have a strong bearing on the behavioural response of the public during a pandemic.<\/p>\n\n\n\n<p>Increased empowerment of health institutions and governments to monitor, evaluate and respond to disinformation that hinders the adoption of appropriate precautionary and safety measures to fight a pandemic is also essential.<\/p>\n\n\n\n<p>Furthermore, funded research and implementation of policies should come with integral built-in evaluation strategies that aim to improve the communication and overall experience of those seeking and providing healthcare services during pandemics.<\/p>\n\n\n\n<p>For more information, read our&nbsp;<a href=\"https:\/\/www.sciencedirect.com\/science\/article\/pii\/S0738399120306893?via%3Dihub\">position paper<\/a>&nbsp;&#8220;Critical observations on and suggested ways forward for healthcare communication during COVID-19: pEACH position paper&#8221;.<\/p>\n\n\n\n<div class=\"wp-block-group shadow-bg\"><div class=\"wp-block-group__inner-container is-layout-constrained wp-block-group-is-layout-constrained\">\n<h1 class=\"wp-block-heading has-text-align-center\">C\u00f3mo involucrarse con pEACH<\/h1>\n\n\n\n<p class=\"has-text-align-center\">\u00a1Aqu\u00ed hay diferentes maneras en las que puedes contribuir a pEACH y obtener algo a cambio!<\/p>\n\n\n<div id=\"accordion\" class=\"accordion-blocks\">\n    \n            \n            <button class=\"accordion\">Comparte tus experiencias<\/button>\n            <div class=\"accordiontext\">\n                <p>Si ha implementado evidencia sobre comunicaci\u00f3n de atenci\u00f3n m\u00e9dica en su centro de atenci\u00f3n m\u00e9dica, comparta su experiencia con nosotros: conozca a personas que han realizado proyectos similares, contribuya a nuestra creciente base de datos y aprenda de las experiencias de otros.<\/p>\n            <\/div>\n        \n            \n            <button class=\"accordion\">Valoraci\u00f3n Participa en nuestros proyectos<\/button>\n            <div class=\"accordiontext\">\n                <p>Si encuentras que uno de nuestros proyectos se adapta a tu experiencia y satisface tus intereses, ponte en contacto con nosotros. \u00a1Encontrar\u00e1s oportunidades de networking y aprendizaje en un grupo internacional con grandes ambiciones!<\/p>\n<p>Lecciones de la implementaci\u00f3n: la implementaci\u00f3n efectiva se alimenta de procesos exitosos. Estamos dise\u00f1ando v\u00edas a trav\u00e9s de las cuales los proyectos de implementaci\u00f3n completados con \u00e9xito puedan convertirse en conocimiento compartido y oportunidades de aprendizaje para toda nuestra comunidad. \u00a1P\u00f3ngase en contacto con nuestra l\u00edder de proyecto Jette Ammentorp para saber m\u00e1s!<\/p>\n<p>Instant\u00e1neas de evidencia: en el centro de la implementaci\u00f3n est\u00e1 el conocimiento compartido y la alineaci\u00f3n de objetivos. Con este proyecto, estamos creando una colecci\u00f3n de descripciones &quot;listas para usar&quot; de temas fundamentales en la comunicaci\u00f3n sanitaria que pueden ayudar a los acad\u00e9micos a crear puntos en com\u00fan con partes interesadas no acad\u00e9micas. \u00a1P\u00f3ngase en contacto con nuestro l\u00edder de proyecto, Conor Gilligan, para saber m\u00e1s y ver los temas completados!<\/p>\n<p>Documentos de pol\u00edtica: EACH aspira a ser un socio para los responsables de la formulaci\u00f3n de pol\u00edticas. Estamos ideando una estrategia y procesos para colaborar eficazmente en el dise\u00f1o de pol\u00edticas relativas al papel y la calidad de la comunicaci\u00f3n en la atenci\u00f3n sanitaria. Lo hacemos recopilando documentos pol\u00edticos relevantes, respondiendo a ellos y produciendo los nuestros. P\u00f3ngase en contacto con nuestro l\u00edder de proyecto Edgard Eeckman para saber m\u00e1s<\/p>\n            <\/div>\n        \n            \n            <button class=\"accordion\">Danos tu opinion<\/button>\n            <div class=\"accordiontext\">\n                <p>Agradecemos cualquier comentario constructivo que pueda ayudarnos a mejorar y ser m\u00e1s eficaces para alcanzar nuestros objetivos. Env\u00eda tus comentarios o preguntas a\u00a0<a href=\"mailto:peach@each.international\">peach@each.international<\/a><\/p>\n            <\/div>\n        \n        \n<\/div>\n\n\n<\/div><\/div>\n\n\n\n<h1 class=\"wp-block-heading\">Qu\u00e9 esperamos de los miembros de pEACH<\/h1>\n\n\n\n<p>Para ser un miembro elegible del comit\u00e9 pEACH le pedimos que:<\/p>\n\n\n\n<ul class=\"wp-block-list\">\n<li>tener un activo&nbsp;<strong><a href=\"https:\/\/each.international\/es\/membership\/\">CADA membres\u00eda<\/a><\/strong><\/li>\n\n\n\n<li>\u00danase y contribuya a uno de los proyectos dentro de pEACH<\/li>\n\n\n\n<li>Asista al menos a una de las reuniones de pEACH por a\u00f1o (una vez al a\u00f1o, los miembros del comit\u00e9 de pEACH se re\u00fanen en persona para seguir avanzando en los objetivos de pEACH)<\/li>\n<\/ul>\n\n\n\n<h1 class=\"wp-block-heading\">Comit\u00e9 Central de melocot\u00f3n<\/h1>\n\n\n<div class=\"wp-block-image is-style-rounded\">\n<figure class=\"aligncenter size-full is-resized\"><a href=\"https:\/\/each.international\/wp-content\/uploads\/2024\/10\/connor.webp\"><img loading=\"lazy\" width=\"1520\" height=\"1409\" src=\"https:\/\/each.international\/wp-content\/uploads\/2024\/10\/connor.webp\" alt=\"\" class=\"wp-image-21794\" style=\"width:126px;height:auto\" title=\"perfil-holding\" srcset=\"https:\/\/each.international\/wp-content\/uploads\/2024\/10\/connor.webp 1520w, https:\/\/each.international\/wp-content\/uploads\/2024\/10\/connor-300x278.webp 300w, https:\/\/each.international\/wp-content\/uploads\/2024\/10\/connor-1024x949.webp 1024w, https:\/\/each.international\/wp-content\/uploads\/2024\/10\/connor-768x712.webp 768w, https:\/\/each.international\/wp-content\/uploads\/2024\/10\/connor-13x12.webp 13w, https:\/\/each.international\/wp-content\/uploads\/2024\/10\/connor-624x578.webp 624w\" sizes=\"auto, (max-width: 1520px) 100vw, 1520px\" \/><\/a><\/figure>\n<\/div>\n\n\n<p class=\"has-text-align-center\"><a href=\"https:\/\/each.international\/es\/members\/cgilligan\/\">Conor Gilligan<\/a><br>Silla<\/p>\n\n\n\n<div class=\"wp-block-columns is-layout-flex wp-container-core-columns-is-layout-9d6595d7 wp-block-columns-is-layout-flex\">\n<div class=\"wp-block-column is-layout-flow wp-block-column-is-layout-flow\">\n<p class=\"has-text-align-center\"><a href=\"https:\/\/each.international\/es\/members\/sgilanii\/\">Sarah Gilani<\/a><br>Copresidente<\/p>\n<\/div>\n\n\n\n<div class=\"wp-block-column is-layout-flow wp-block-column-is-layout-flow\"><div class=\"wp-block-image is-style-rounded\">\n<figure class=\"aligncenter size-full\"><a href=\"https:\/\/each.international\/wp-content\/uploads\/2024\/11\/calum-mckichan.jpg\"><img loading=\"lazy\" width=\"120\" height=\"120\" src=\"https:\/\/each.international\/wp-content\/uploads\/2024\/11\/calum-mckichan.jpg\" alt=\"\" class=\"wp-image-21843\" title=\"perfil-holding\" srcset=\"https:\/\/each.international\/wp-content\/uploads\/2024\/11\/calum-mckichan.jpg 120w, https:\/\/each.international\/wp-content\/uploads\/2024\/11\/calum-mckichan-12x12.jpg 12w\" sizes=\"auto, (max-width: 120px) 100vw, 120px\" \/><\/a><\/figure>\n<\/div>\n\n\n<p class=\"has-text-align-center\"><a href=\"https:\/\/each.international\/es\/members\/cmackichan\/\">Calum MacKichan<\/a><br>Copresidente<\/p>\n<\/div>\n<\/div>\n\n\n\n<div class=\"wp-block-columns is-layout-flex wp-container-core-columns-is-layout-9d6595d7 wp-block-columns-is-layout-flex\">\n<div class=\"wp-block-column is-layout-flow wp-block-column-is-layout-flow\" style=\"flex-basis:25%\"><div class=\"wp-block-image is-style-rounded\">\n<figure class=\"aligncenter\"><img src=\"https:\/\/each.international\/wp-content\/uploads\/2022\/07\/holding-profile-70x70.png\" alt=\"holding-profile\" title=\"perfil-holding\"\/><\/figure>\n<\/div>\n\n\n<p class=\"has-text-align-center\"><strong><a href=\"https:\/\/each.international\/es\/members\/cpenadiaz\/\">Carmen Pe\u00f1a D\u00edaz<\/a><\/strong><\/p>\n<\/div>\n\n\n\n<div class=\"wp-block-column is-layout-flow wp-block-column-is-layout-flow\" style=\"flex-basis:25%\"><div class=\"wp-block-image\">\n<figure class=\"aligncenter\"><img src=\"https:\/\/each.international\/wp-content\/uploads\/2022\/07\/edgard-eeckman-70x70.png\" alt=\"edgard-eeckman\" title=\"edgard-eeckman\"\/><\/figure>\n<\/div>\n\n\n<p class=\"has-text-align-center\"><strong><a href=\"https:\/\/each.international\/es\/members\/eeeckman\/\">Edgard Eeckman<\/a><\/strong><\/p>\n<\/div>\n\n\n\n<div class=\"wp-block-column is-layout-flow wp-block-column-is-layout-flow\" style=\"flex-basis:25%\"><div class=\"wp-block-image is-style-rounded\">\n<figure class=\"aligncenter size-large is-resized\"><a href=\"https:\/\/each.international\/wp-content\/uploads\/2024\/10\/shakr.webp\"><img loading=\"lazy\" width=\"1024\" height=\"1002\" src=\"https:\/\/each.international\/wp-content\/uploads\/2024\/10\/shakr-1024x1002.webp\" alt=\"Shak Rehman\" class=\"wp-image-21796\" style=\"width:73px;height:auto\" title=\"conor gilligan\" srcset=\"https:\/\/each.international\/wp-content\/uploads\/2024\/10\/shakr-1024x1002.webp 1024w, https:\/\/each.international\/wp-content\/uploads\/2024\/10\/shakr-300x294.webp 300w, https:\/\/each.international\/wp-content\/uploads\/2024\/10\/shakr-768x752.webp 768w, https:\/\/each.international\/wp-content\/uploads\/2024\/10\/shakr-12x12.webp 12w, https:\/\/each.international\/wp-content\/uploads\/2024\/10\/shakr-624x611.webp 624w, https:\/\/each.international\/wp-content\/uploads\/2024\/10\/shakr.webp 1423w\" sizes=\"auto, (max-width: 1024px) 100vw, 1024px\" \/><\/a><\/figure>\n<\/div>\n\n\n<p class=\"has-text-align-center\"><a href=\"https:\/\/each.international\/es\/members\/srehman\/\">Shak Rehman<\/a><\/p>\n<\/div>\n\n\n\n<div class=\"wp-block-column is-layout-flow wp-block-column-is-layout-flow\" style=\"flex-basis:25%\"><div class=\"wp-block-image\">\n<figure class=\"aligncenter\"><img src=\"https:\/\/each.international\/wp-content\/uploads\/2022\/07\/lorraine-noble-70x70.png\" alt=\"lorraine-noble\" title=\"lorena-noble\"\/><\/figure>\n<\/div>\n\n\n<p class=\"has-text-align-center\"><strong><a href=\"https:\/\/each.international\/es\/members\/lnoble\/\">Lorena Noble<\/a><\/strong><\/p>\n<\/div>\n<\/div>\n\n\n\n<p><\/p>","protected":false},"excerpt":{"rendered":"<p>What pEACH offers pEACH\u2019s role is to: We do this by: pEACH\u2019s action strategy is aimed at: Within pEACH, we are working on a number&hellip;<\/p>","protected":false},"author":996,"featured_media":0,"parent":0,"menu_order":0,"comment_status":"closed","ping_status":"open","template":"page-basic-full-width.php","meta":{"_acf_changed":false,"footnotes":""},"class_list":["post-4045","page","type-page","status-publish","hentry"],"acf":[],"_links":{"self":[{"href":"https:\/\/each.international\/es\/wp-json\/wp\/v2\/pages\/4045","targetHints":{"allow":["GET"]}}],"collection":[{"href":"https:\/\/each.international\/es\/wp-json\/wp\/v2\/pages"}],"about":[{"href":"https:\/\/each.international\/es\/wp-json\/wp\/v2\/types\/page"}],"author":[{"embeddable":true,"href":"https:\/\/each.international\/es\/wp-json\/wp\/v2\/users\/996"}],"replies":[{"embeddable":true,"href":"https:\/\/each.international\/es\/wp-json\/wp\/v2\/comments?post=4045"}],"version-history":[{"count":30,"href":"https:\/\/each.international\/es\/wp-json\/wp\/v2\/pages\/4045\/revisions"}],"predecessor-version":[{"id":21952,"href":"https:\/\/each.international\/es\/wp-json\/wp\/v2\/pages\/4045\/revisions\/21952"}],"wp:attachment":[{"href":"https:\/\/each.international\/es\/wp-json\/wp\/v2\/media?parent=4045"}],"curies":[{"name":"wp","href":"https:\/\/api.w.org\/{rel}","templated":true}]}}