{"id":13187,"date":"2020-11-03T13:54:43","date_gmt":"2020-11-03T13:54:43","guid":{"rendered":"https:\/\/www.each.eu\/?page_id=13187"},"modified":"2024-09-27T12:27:22","modified_gmt":"2024-09-27T11:27:22","slug":"how-to-deal-with-misinformation-and-disinformation-during-public-health-emergencies","status":"publish","type":"page","link":"https:\/\/each.international\/es\/eachevents\/courses\/register001\/how-to-deal-with-misinformation-and-disinformation-during-public-health-emergencies\/","title":{"rendered":"V\u00eddeos del curso"},"content":{"rendered":"<div class=\"wp-block-columns is-layout-flex wp-container-core-columns-is-layout-9d6595d7 wp-block-columns-is-layout-flex\">\n<div class=\"wp-block-column is-vertically-aligned-center is-layout-flow wp-block-column-is-layout-flow\" style=\"flex-basis:66.66%\">\n<h3 class=\"wp-block-heading\">1. Los fundamentos de la desinformaci\u00f3n<\/h3>\n\n\n\n<p>Se pueden descargar las diapositivas que acompa\u00f1an al v\u00eddeo.&nbsp;<a href=\"https:\/\/each.international\/wp-content\/uploads\/2020\/11\/EACH-Challenge-8_Communicating-science-to-lay-audience.pdf\" target=\"_blank\" rel=\"noreferrer noopener\">aqu\u00ed.<\/a><\/p>\n<\/div>\n\n\n\n<div class=\"wp-block-column is-layout-flow wp-block-column-is-layout-flow\" style=\"flex-basis:33.33%\">\n<figure class=\"wp-block-embed aligncenter is-type-video is-provider-vimeo wp-block-embed-vimeo\"><div class=\"wp-block-embed__wrapper\">\n<iframe loading=\"lazy\" title=\"Desaf\u00edo 1: Conceptos b\u00e1sicos de la desinformaci\u00f3n\" src=\"https:\/\/player.vimeo.com\/video\/477529471?dnt=1&amp;app_id=122963\" width=\"640\" height=\"400\" frameborder=\"0\" allow=\"autoplay; fullscreen; picture-in-picture; clipboard-write\"><\/iframe>\n<\/div><\/figure>\n<\/div>\n<\/div>\n\n\n\n<div class=\"wp-block-columns is-layout-flex wp-container-core-columns-is-layout-9d6595d7 wp-block-columns-is-layout-flex\">\n<div class=\"wp-block-column is-vertically-aligned-center is-layout-flow wp-block-column-is-layout-flow\" style=\"flex-basis:66.66%\">\n<h3 class=\"wp-block-heading\">2. Persuasion<\/h3>\n\n\n\n<p>Se pueden descargar las diapositivas que acompa\u00f1an al v\u00eddeo.&nbsp;<a href=\"https:\/\/each.international\/wp-content\/uploads\/2020\/11\/EACH-Challenge-2-_Persuasion.pdf\" target=\"_blank\" rel=\"noreferrer noopener\">aqu\u00ed.<\/a><\/p>\n<\/div>\n\n\n\n<div class=\"wp-block-column is-layout-flow wp-block-column-is-layout-flow\" style=\"flex-basis:33.33%\">\n<figure class=\"wp-block-embed aligncenter is-type-video is-provider-vimeo wp-block-embed-vimeo\"><div class=\"wp-block-embed__wrapper\">\n<iframe loading=\"lazy\" title=\"Desaf\u00edo 2_Persuasi\u00f3n\" src=\"https:\/\/player.vimeo.com\/video\/477529900?dnt=1&amp;app_id=122963\" width=\"640\" height=\"400\" frameborder=\"0\" allow=\"autoplay; fullscreen; picture-in-picture; clipboard-write\"><\/iframe>\n<\/div><\/figure>\n<\/div>\n<\/div>\n\n\n\n<div class=\"wp-block-columns is-layout-flex wp-container-core-columns-is-layout-9d6595d7 wp-block-columns-is-layout-flex\">\n<div class=\"wp-block-column is-vertically-aligned-center is-layout-flow wp-block-column-is-layout-flow\" style=\"flex-basis:66.66%\">\n<h3 class=\"wp-block-heading\">3. Percepci\u00f3n del riesgo<\/h3>\n\n\n\n<p>Se pueden descargar las diapositivas que acompa\u00f1an al v\u00eddeo.&nbsp;<a href=\"https:\/\/each.international\/wp-content\/uploads\/2020\/11\/EACH-Challenge-3_Risk-perception.pdf\" target=\"_blank\" rel=\"noreferrer noopener\">aqu\u00ed.<\/a><\/p>\n<\/div>\n\n\n\n<div class=\"wp-block-column is-layout-flow wp-block-column-is-layout-flow\" style=\"flex-basis:33.33%\">\n<figure class=\"wp-block-embed aligncenter is-type-video is-provider-vimeo wp-block-embed-vimeo wp-embed-aspect-16-9 wp-has-aspect-ratio\"><div class=\"wp-block-embed__wrapper\">\n<iframe loading=\"lazy\" title=\"Reto 3 - Percepci\u00f3n del riesgo\" src=\"https:\/\/player.vimeo.com\/video\/477530560?dnt=1&amp;app_id=122963\" width=\"640\" height=\"360\" frameborder=\"0\" allow=\"autoplay; fullscreen; picture-in-picture; clipboard-write\"><\/iframe>\n<\/div><\/figure>\n<\/div>\n<\/div>\n\n\n\n<div class=\"wp-block-columns is-layout-flex wp-container-core-columns-is-layout-9d6595d7 wp-block-columns-is-layout-flex\">\n<div class=\"wp-block-column is-vertically-aligned-center is-layout-flow wp-block-column-is-layout-flow\" style=\"flex-basis:66.66%\">\n<h3 class=\"wp-block-heading\">4. Credibilidad en la era de la informaci\u00f3n<\/h3>\n\n\n\n<p>Se pueden descargar las diapositivas que acompa\u00f1an al v\u00eddeo.&nbsp;<a href=\"https:\/\/each.international\/wp-content\/uploads\/2020\/11\/EACH-Challenge-4_Credibility.pdf\" target=\"_blank\" rel=\"noreferrer noopener\">aqu\u00ed.<\/a><\/p>\n<\/div>\n\n\n\n<div class=\"wp-block-column is-layout-flow wp-block-column-is-layout-flow\" style=\"flex-basis:33.33%\">\n<figure class=\"wp-block-embed aligncenter is-type-video is-provider-vimeo wp-block-embed-vimeo wp-embed-aspect-16-9 wp-has-aspect-ratio\"><div class=\"wp-block-embed__wrapper\">\n<iframe loading=\"lazy\" title=\"Desaf\u00edo 4: Credibilidad\" src=\"https:\/\/player.vimeo.com\/video\/477532009?dnt=1&amp;app_id=122963\" width=\"640\" height=\"360\" frameborder=\"0\" allow=\"autoplay; fullscreen; picture-in-picture; clipboard-write\"><\/iframe>\n<\/div><\/figure>\n<\/div>\n<\/div>\n\n\n\n<div class=\"wp-block-columns is-layout-flex wp-container-core-columns-is-layout-9d6595d7 wp-block-columns-is-layout-flex\">\n<div class=\"wp-block-column is-vertically-aligned-center is-layout-flow wp-block-column-is-layout-flow\" style=\"flex-basis:66.66%\">\n<h3 class=\"wp-block-heading\">5. Teor\u00edas de la conspiraci\u00f3n<\/h3>\n\n\n\n<p>Se pueden descargar las diapositivas que acompa\u00f1an al v\u00eddeo.&nbsp;<a href=\"https:\/\/each.international\/wp-content\/uploads\/2020\/11\/EACH-Challenge-5_Conspiracy-theories.pdf\" target=\"_blank\" rel=\"noreferrer noopener\">aqu\u00ed.<\/a><\/p>\n<\/div>\n\n\n\n<div class=\"wp-block-column is-layout-flow wp-block-column-is-layout-flow\" style=\"flex-basis:33.33%\">\n<figure class=\"wp-block-embed aligncenter is-type-video is-provider-vimeo wp-block-embed-vimeo wp-embed-aspect-16-9 wp-has-aspect-ratio\"><div class=\"wp-block-embed__wrapper\">\n<iframe loading=\"lazy\" title=\"Desaf\u00edo 5 - Conspiraciones - final\" src=\"https:\/\/player.vimeo.com\/video\/477533521?dnt=1&amp;app_id=122963\" width=\"640\" height=\"360\" frameborder=\"0\" allow=\"autoplay; fullscreen; picture-in-picture; clipboard-write\"><\/iframe>\n<\/div><\/figure>\n<\/div>\n<\/div>\n\n\n\n<div class=\"wp-block-columns is-layout-flex wp-container-core-columns-is-layout-9d6595d7 wp-block-columns-is-layout-flex\">\n<div class=\"wp-block-column is-vertically-aligned-center is-layout-flow wp-block-column-is-layout-flow\" style=\"flex-basis:66.66%\">\n<h3 class=\"wp-block-heading\">6. La competencia entre ciencia y pseudociencia<\/h3>\n\n\n\n<p>Se pueden descargar las diapositivas que acompa\u00f1an al v\u00eddeo.&nbsp;<a href=\"https:\/\/each.international\/wp-content\/uploads\/2020\/11\/EACH-Challenge-6_Science-and-pseudoscience.pdf\" target=\"_blank\" rel=\"noreferrer noopener\">aqu\u00ed.<\/a><\/p>\n<\/div>\n\n\n\n<div class=\"wp-block-column is-layout-flow wp-block-column-is-layout-flow\" style=\"flex-basis:33.33%\">\n<figure class=\"wp-block-embed aligncenter is-type-video is-provider-vimeo wp-block-embed-vimeo\"><div class=\"wp-block-embed__wrapper\">\n<iframe loading=\"lazy\" title=\"Reto 6 - Ciencia y pseudociencia\" src=\"https:\/\/player.vimeo.com\/video\/477535695?dnt=1&amp;app_id=122963\" width=\"640\" height=\"400\" frameborder=\"0\" allow=\"autoplay; fullscreen; picture-in-picture; clipboard-write\"><\/iframe>\n<\/div><\/figure>\n<\/div>\n<\/div>\n\n\n\n<div class=\"wp-block-columns is-layout-flex wp-container-core-columns-is-layout-9d6595d7 wp-block-columns-is-layout-flex\">\n<div class=\"wp-block-column is-vertically-aligned-center is-layout-flow wp-block-column-is-layout-flow\" style=\"flex-basis:66.66%\">\n<h3 class=\"wp-block-heading\">7. Los efectos de los medios (masivos y sociales)<\/h3>\n\n\n\n<p>Se pueden descargar las diapositivas que acompa\u00f1an al v\u00eddeo.&nbsp;<a href=\"https:\/\/each.international\/wp-content\/uploads\/2020\/11\/EACH-Challenge-7_The-media-effects.pdf\" target=\"_blank\" rel=\"noreferrer noopener\">aqu\u00ed.<\/a><\/p>\n<\/div>\n\n\n\n<div class=\"wp-block-column is-layout-flow wp-block-column-is-layout-flow\" style=\"flex-basis:33.33%\">\n<figure class=\"wp-block-embed aligncenter is-type-video is-provider-vimeo wp-block-embed-vimeo\"><div class=\"wp-block-embed__wrapper\">\n<iframe loading=\"lazy\" title=\"Desaf\u00edo 7: Efectos masivos y de las redes sociales\" src=\"https:\/\/player.vimeo.com\/video\/477536129?dnt=1&amp;app_id=122963\" width=\"640\" height=\"400\" frameborder=\"0\" allow=\"autoplay; fullscreen; picture-in-picture; clipboard-write\"><\/iframe>\n<\/div><\/figure>\n<\/div>\n<\/div>\n\n\n\n<div class=\"wp-block-columns is-layout-flex wp-container-core-columns-is-layout-9d6595d7 wp-block-columns-is-layout-flex\">\n<div class=\"wp-block-column is-vertically-aligned-center is-layout-flow wp-block-column-is-layout-flow\" style=\"flex-basis:66.66%\">\n<h3 class=\"wp-block-heading\">8. Comunicar la ciencia al p\u00fablico no especializado<\/h3>\n\n\n\n<p>Se pueden descargar las diapositivas que acompa\u00f1an al v\u00eddeo.&nbsp;<a href=\"https:\/\/each.international\/wp-content\/uploads\/2020\/11\/EACH-Challenge-8_Communicating-science-to-lay-audience.pdf\" target=\"_blank\" rel=\"noreferrer noopener\">aqu\u00ed.<\/a><\/p>\n<\/div>\n\n\n\n<div class=\"wp-block-column is-layout-flow wp-block-column-is-layout-flow\" style=\"flex-basis:33.33%\">\n<figure class=\"wp-block-embed aligncenter is-type-video is-provider-vimeo wp-block-embed-vimeo wp-embed-aspect-16-9 wp-has-aspect-ratio\"><div class=\"wp-block-embed__wrapper\">\n<iframe loading=\"lazy\" title=\"Reto 8 - Comunicaci\u00f3n cient\u00edfica_Final\" src=\"https:\/\/player.vimeo.com\/video\/477536546?dnt=1&amp;app_id=122963\" width=\"640\" height=\"360\" frameborder=\"0\" allow=\"autoplay; fullscreen; picture-in-picture; clipboard-write\"><\/iframe>\n<\/div><\/figure>\n<\/div>\n<\/div>\n\n\n\n<h2 class=\"wp-block-heading has-text-align-center\">Recomendaciones finales<\/h2>\n\n\n\n<p class=\"has-text-align-center\">Por favor haz click&nbsp;<a href=\"https:\/\/each.international\/wp-content\/uploads\/2020\/11\/EACH-Final-recommendations.pdf\" target=\"_blank\" rel=\"noreferrer noopener\">aqu\u00ed<\/a>&nbsp;para descargar las diapositivas.<\/p>\n\n\n\n<div class=\"wp-block-group shadow-bg\"><div class=\"wp-block-group__inner-container is-layout-constrained wp-block-group-is-layout-constrained\"><div class=\"wp-block-image\">\n<figure class=\"alignleft\"><img loading=\"lazy\" width=\"102\" height=\"127\" src=\"https:\/\/each.international\/wp-content\/uploads\/2020\/11\/photosr.jpg\" alt=\"\" class=\"wp-image-13288\"\/><\/figure>\n<\/div>\n\n\n<p><strong>Sara Rubinelli<\/strong>&nbsp;holds a degree in Classics and Philosophy from the Catholic University of Milan (I) and a PhD from the University of Leeds (UK) in the areas of argumentation theory, persuasion and rhetoric.&nbsp; She is Professor in Health Sciences with a focus in health communication at the Department of Health Sciences and Medicine of the University of Lucerne (CH). Since September 2009 she leads there the Person-Centered Healthcare Group at Swiss Paraplegic Research (CH). She is past-President of the European Association for Communication in Healthcare (EACH). Main areas of interest include: health communication with a main focus on disinformation and risk communication, social marketing and health campaigns, health behaviour, biases and heuristics.<\/p>\n\n\n<div class=\"wp-block-image\">\n<figure class=\"alignleft\"><img loading=\"lazy\" width=\"102\" height=\"127\" src=\"https:\/\/each.international\/wp-content\/uploads\/2020\/11\/photond.jpg\" alt=\"\" class=\"wp-image-13287\"\/><\/figure>\n<\/div>\n\n\n<p><strong>Nicola Diviani<\/strong>&nbsp;Tiene un doctorado en Ciencias de la Comunicaci\u00f3n por la Universit\u00e0 della Svizzera italiana (Suiza). Es investigador asociado senior dentro del Grupo de Comunicaci\u00f3n y Atenci\u00f3n M\u00e9dica Centrada en la Persona de Swiss Paraplegic Research y profesor en el Departamento de Ciencias de la Salud y Medicina de la Universidad de Lucerna. Su principal foco de investigaci\u00f3n es la comunicaci\u00f3n sanitaria, con \u00e9nfasis en el comportamiento saludable, la alfabetizaci\u00f3n sanitaria, la b\u00fasqueda (en l\u00ednea) de informaci\u00f3n sanitaria y la autogesti\u00f3n.<\/p>\n\n\n<div class=\"wp-block-image\">\n<figure class=\"alignleft\"><img loading=\"lazy\" width=\"102\" height=\"127\" src=\"https:\/\/each.international\/wp-content\/uploads\/2020\/11\/photomf.jpg\" alt=\"\" class=\"wp-image-13286\"\/><\/figure>\n<\/div>\n\n\n<p><strong>Maddalena Fiordelli<\/strong>&nbsp;Tiene un doctorado en Ciencias de la Comunicaci\u00f3n de la Universit\u00e0 della Svizzera italiana (USI, Suiza). Es investigadora cient\u00edfica y profesora en el Instituto de Comunicaci\u00f3n y Salud y en el Instituto de Salud P\u00fablica de la USI, e investigadora senior asociada dentro del Grupo de Comunicaci\u00f3n y Atenci\u00f3n M\u00e9dica Centrada en la Persona en Swiss Paraplegic Research. Sus principales temas de investigaci\u00f3n se encuentran en el \u00e1rea de la comunicaci\u00f3n sanitaria, y en particular: mHealth, participaci\u00f3n y compromiso del paciente y el p\u00fablico, y envejecimiento saludable.<\/p>\n\n\n<div class=\"wp-block-image\">\n<figure class=\"alignleft\"><img loading=\"lazy\" width=\"102\" height=\"127\" src=\"https:\/\/each.international\/wp-content\/uploads\/2020\/11\/photocz.jpg\" alt=\"\" class=\"wp-image-13294\"\/><\/figure>\n<\/div>\n\n\n<p><strong>claudia zanini<\/strong>&nbsp;Tiene un doctorado en Ciencias de la Salud de la Universidad de Lucerna. Es investigadora principal de Swiss Paraplegic Research y profesora en la Universidad de Lucerna (Suiza) en el campo de la comunicaci\u00f3n sanitaria. Despu\u00e9s de estudiar sociolog\u00eda, desarroll\u00f3 un inter\u00e9s por el campo de la salud y se sumergi\u00f3 en la comunicaci\u00f3n m\u00e9dico-paciente para su proyecto de doctorado. Desde entonces, ha participado en varios proyectos de investigaci\u00f3n que investigan conductas de autocuidado en personas con lesi\u00f3n de la m\u00e9dula espinal y sus cuidadores.<\/p>\n<\/div><\/div>","protected":false},"excerpt":{"rendered":"<p>1. The basics of disinformation Slides to accompany the video can be downloaded&nbsp;here. 2. Persuasion Slides to accompany the video can be downloaded&nbsp;here. 3. Risk&hellip;<\/p>","protected":false},"author":996,"featured_media":0,"parent":13166,"menu_order":0,"comment_status":"closed","ping_status":"open","template":"page-basic-full-width.php","meta":{"_acf_changed":false,"footnotes":""},"class_list":["post-13187","page","type-page","status-publish","hentry"],"acf":[],"_links":{"self":[{"href":"https:\/\/each.international\/es\/wp-json\/wp\/v2\/pages\/13187","targetHints":{"allow":["GET"]}}],"collection":[{"href":"https:\/\/each.international\/es\/wp-json\/wp\/v2\/pages"}],"about":[{"href":"https:\/\/each.international\/es\/wp-json\/wp\/v2\/types\/page"}],"author":[{"embeddable":true,"href":"https:\/\/each.international\/es\/wp-json\/wp\/v2\/users\/996"}],"replies":[{"embeddable":true,"href":"https:\/\/each.international\/es\/wp-json\/wp\/v2\/comments?post=13187"}],"version-history":[{"count":1,"href":"https:\/\/each.international\/es\/wp-json\/wp\/v2\/pages\/13187\/revisions"}],"predecessor-version":[{"id":20749,"href":"https:\/\/each.international\/es\/wp-json\/wp\/v2\/pages\/13187\/revisions\/20749"}],"up":[{"embeddable":true,"href":"https:\/\/each.international\/es\/wp-json\/wp\/v2\/pages\/13166"}],"wp:attachment":[{"href":"https:\/\/each.international\/es\/wp-json\/wp\/v2\/media?parent=13187"}],"curies":[{"name":"wp","href":"https:\/\/api.w.org\/{rel}","templated":true}]}}