{"id":4261,"date":"2021-10-29T10:43:49","date_gmt":"2021-10-29T09:43:49","guid":{"rendered":"http:\/\/www.each.eu\/?page_id=7"},"modified":"2024-11-24T12:09:53","modified_gmt":"2024-11-24T12:09:53","slug":"teaching","status":"publish","type":"page","link":"https:\/\/each.international\/de\/teaching\/","title":{"rendered":"Lehren"},"content":{"rendered":"<div class=\"wp-block-group shadow-bg\"><div class=\"wp-block-group__inner-container is-layout-constrained wp-block-group-is-layout-constrained\">\n<h1 class=\"wp-block-heading has-text-align-center\">Was tEACH bietet<\/h1>\n\n\n<div id=\"accordion\" class=\"accordion-blocks\">\n    \n            \n            <button class=\"accordion\">Education &#038; Training<\/button>\n            <div class=\"accordiontext\">\n                <p>tEACH organizes courses for communication teachers focusing on \u2018What\u2019 and \u2018How\u2019 to teach communication skills, and courses on topics such as \u2018Curriculum Development\u2019, \u2018Workplace learning and teaching\u2019 and \u2018Assessment\u2019. Courses can be delivered locally on request (within countries or institutions). Our train the trainer\u2019s group are developing new courses all the time so visit our site regularly to see what\u2019s new.\u201d<\/p>\n<p><a href=\"https:\/\/each.international\/de\/eachevents\/courses\/\">klicken Sie hier<\/a>\u00a0Weitere Informationen zu kommenden Kursen finden Sie hier.<\/p>\n            <\/div>\n        \n            \n            <button class=\"accordion\">Lehrmittel<\/button>\n            <div class=\"accordiontext\">\n                <p>\u00dcber die EACH-Website k\u00f6nnen Kommunikationslehrer auf verschiedene Lehrmittel zugreifen, darunter Leitf\u00e4den f\u00fcr Moderatoren, simulierte Patientenf\u00e4lle und einen umfassenden, von tEACH entwickelten Lehrplan.<\/p>\n<p><a href=\"https:\/\/each.international\/de\/resources\/teach\/\">klicken Sie hier<\/a>\u00a0um auf \u00fcber 100 Lehrmittel zuzugreifen, darunter Leitf\u00e4den f\u00fcr Moderatoren, simulierte Patientenszenarien, einen ver\u00f6ffentlichten Lehrplan und Videos, oder neue hochzuladen.<\/p>\n            <\/div>\n        \n            \n            <button class=\"accordion\">Projektunterst\u00fctzung<\/button>\n            <div class=\"accordiontext\">\n                <p>tEACH war an mehreren nationalen Projekten zur Verbesserung des Kommunikationsunterrichts im Gesundheitswesen beteiligt, unter anderem in Polen, \u00d6sterreich und Irland. Basierend auf diesen Erfahrungen kann tEACH ein umfassendes Schulungs- und Beratungspaket anbieten, das an spezifische Bed\u00fcrfnisse angepasst werden kann.<\/p>\n<p><a href=\"https:\/\/each.international\/de\/projects\/teaching-projects\/\">klicken Sie hier<\/a>\u00a0 Weitere Informationen dazu, wie wir Sie unterst\u00fctzen k\u00f6nnen.<\/p>\n            <\/div>\n        \n            \n            <button class=\"accordion\">Austausch von Fachwissen<\/button>\n            <div class=\"accordiontext\">\n                <p>tEACH bietet Kommunikationslehrern vielf\u00e4ltige M\u00f6glichkeiten zum fachlichen Austausch, z. B. in Konferenzen und Tagungen sowie durch Initiierungen und Ver\u00f6ffentlichungen zu Unterrichtsthemen.<\/p>\n            <\/div>\n        \n        \n<\/div>\n\n\n<\/div><\/div>\n\n\n\n<div class=\"wp-block-columns is-layout-flex wp-container-core-columns-is-layout-9d6595d7 wp-block-columns-is-layout-flex\">\n<div class=\"wp-block-column shadow-bg is-layout-flow wp-block-column-is-layout-flow\">\n<h2 class=\"wp-block-heading\">tEACH-Gruppe<\/h2>\n\n\n\n<div class=\"wp-block-buttons is-layout-flex wp-block-buttons-is-layout-flex\">\n<div class=\"wp-block-button\"><a class=\"wp-block-button__link wp-element-button\" href=\"https:\/\/each.international\/de\/groups\/teach\/\">Gehe zur Gruppe<\/a><\/div>\n<\/div>\n\n\n\n<p>Willkommen bei tEACH, dem Unterausschuss von EACH, der sich auf die Bereitstellung von Unterst\u00fctzung, Ressourcen und den Austausch von Fachwissen f\u00fcr Kommunikationslehrer konzentriert, sei es in Bezug auf Unterricht, Lehrplanentwicklung oder Bewertung. Das Ziel von tEACH ist es, eine prim\u00e4re Hilfsquelle f\u00fcr Kommunikationslehrer auf der ganzen Welt zu sein.<\/p>\n<\/div>\n\n\n\n<div class=\"wp-block-column shadow-bg is-layout-flow wp-block-column-is-layout-flow\">\n<h2 class=\"wp-block-heading\" id=\"teach-group\">tEACH-Kernplanungsgruppe<\/h2>\n\n\n\n<div class=\"wp-block-buttons is-layout-flex wp-block-buttons-is-layout-flex\">\n<div class=\"wp-block-button\"><a class=\"wp-block-button__link wp-element-button\" href=\"https:\/\/each.international\/de\/groups\/teach-core-planning-group\/\">Gehe zur Gruppe<\/a><\/div>\n<\/div>\n\n\n\n<p>tEACH wird vom tEACH-Kernplanungsausschuss \u00fcberwacht, der derzeit aus zwei tEACH-Co-Vorsitzenden und einem stellvertretenden Vorsitzenden (die sich alle Pflichten und Verantwortlichkeiten teilen) sowie den Leitern jeder Arbeitsuntergruppe, die von den Untergruppenmitgliedern ausgew\u00e4hlt werden, und anderen wichtigen tEACH-Mitarbeitern besteht Mitglieder.<\/p>\n<\/div>\n<\/div>\n\n\n\n<div class=\"wp-block-columns is-layout-flex wp-container-core-columns-is-layout-9d6595d7 wp-block-columns-is-layout-flex\">\n<div class=\"wp-block-column shadow-bg is-layout-flow wp-block-column-is-layout-flow\">\n<h2 class=\"wp-block-heading\"><a href=\"https:\/\/each.international\/de\/groups\/teach-assessment-group\/\">tEACH assessment Group<\/a><\/h2>\n\n\n\n<div class=\"wp-block-buttons is-layout-flex wp-block-buttons-is-layout-flex\">\n<div class=\"wp-block-button\"><a class=\"wp-block-button__link wp-element-button\" href=\"https:\/\/each.international\/de\/groups\/teach-assessment-group\/\">Gehe zur Gruppe<\/a><\/div>\n<\/div>\n\n\n\n<p>The Assessment Group is dedicated to advancing healthcare communication by supporting educators and institutions with comprehensive information about assessment strategies, tools and resources. Our objective emphasizes constructive alignment with an integrated approach of teaching, learning, and assessment, incorporating feedback from all stakeholders, including learners, educators, patients, and caregivers. We aim to ensure learners are prepared to provide high-quality care by adapting to new developments in healthcare communication, teaching and its assessment. Through these efforts, we strive to enhance the quality of care through good healthcare communication for all.<\/p>\n<\/div>\n\n\n\n<div class=\"wp-block-column shadow-bg is-layout-flow wp-block-column-is-layout-flow\">\n<h2 class=\"wp-block-heading\" id=\"teach-group\">tEACH Courses for Clinicians Group<\/h2>\n\n\n\n<div class=\"wp-block-buttons is-layout-flex wp-block-buttons-is-layout-flex\">\n<div class=\"wp-block-button\"><a class=\"wp-block-button__link wp-element-button\" href=\"https:\/\/each.international\/de\/groups\/teach-courses-for-clinicians-group\/\">Gehe zur Gruppe<\/a><\/div>\n<\/div>\n\n\n\n<p>The aim of the group is to arrange teaching courses specifically for clinicians.<\/p>\n<\/div>\n<\/div>\n\n\n\n<div class=\"wp-block-columns is-layout-flex wp-container-core-columns-is-layout-9d6595d7 wp-block-columns-is-layout-flex\">\n<div class=\"wp-block-column shadow-bg is-layout-flow wp-block-column-is-layout-flow\">\n<h2 class=\"wp-block-heading\">tEACH Resources Group<\/h2>\n\n\n\n<div class=\"wp-block-buttons is-layout-flex wp-block-buttons-is-layout-flex\">\n<div class=\"wp-block-button\"><a class=\"wp-block-button__link wp-element-button\" href=\"https:\/\/each.international\/de\/groups\/teach-teaching-tools-group\/\">Gehe zur Gruppe<\/a><\/div>\n<\/div>\n\n\n\n<p>The aim of the group is to collect, describe and share teaching tools for addressing specific communication skills. The subgroup has been in the process of collecting, reviewing and summarising examples of teaching tools used by communication teachers<\/p>\n<\/div>\n\n\n\n<div class=\"wp-block-column shadow-bg is-layout-flow wp-block-column-is-layout-flow\">\n<h2 class=\"wp-block-heading\" id=\"teach-group\">tEACH Workplace Teaching Group<\/h2>\n\n\n\n<div class=\"wp-block-buttons is-layout-flex wp-block-buttons-is-layout-flex\">\n<div class=\"wp-block-button\"><a class=\"wp-block-button__link wp-element-button\" href=\"https:\/\/each.international\/de\/groups\/teach-workplace-teaching-group\/\">Gehe zur Gruppe<\/a><\/div>\n<\/div>\n\n\n\n<p>Diese Projektgruppe entwickelt kurze Ressourcen, um klinische Lehrkr\u00e4fte beim effektiven Kommunikationsunterricht im klinischen Umfeld anzuleiten. Diese fortlaufenden \u201eTipps f\u00fcr den arbeitsplatzbasierten Unterricht\u201c befassen sich mit verschiedenen Kontexten und Strategien f\u00fcr den Kommunikationsunterricht, beispielsweise Beobachtung und Feedback.<\/p>\n<\/div>\n<\/div>\n\n\n\n<div class=\"wp-block-columns is-layout-flex wp-container-core-columns-is-layout-9d6595d7 wp-block-columns-is-layout-flex\">\n<div class=\"wp-block-column shadow-bg is-layout-flow wp-block-column-is-layout-flow\" style=\"flex-basis:50%\">\n<h2 class=\"wp-block-heading\">tEACH Training &amp; Courses for Teachers<\/h2>\n\n\n\n<div class=\"wp-block-buttons is-layout-flex wp-block-buttons-is-layout-flex\">\n<div class=\"wp-block-button\"><a class=\"wp-block-button__link wp-element-button\" href=\"https:\/\/each.international\/de\/groups\/teach-courses-support-for-trainers-group\/\">Gehe zur Gruppe<\/a><\/div>\n<\/div>\n\n\n\n<p>Diese Gruppe bietet Unterst\u00fctzung und Schulung f\u00fcr Trainer und Lehrer f\u00fcr Kommunikationsf\u00e4higkeiten im Gesundheitswesen aller Berufsgruppen. Diese Unterst\u00fctzung nutzt einen kompetenzbasierten und evidenzbasierten Ansatz zur Vermittlung von Kommunikationsf\u00e4higkeiten. Ziel ist es, einem m\u00f6glichst breiten Spektrum von Lehrkr\u00e4ften (Anf\u00e4nger oder erfahrenere Lehrkr\u00e4fte) aller verschiedenen Arten des Gesundheitsunterrichts zu helfen.<\/p>\n<\/div>\n<\/div>\n\n\n\n<div class=\"wp-block-group alignfull has-white-color has-text-color has-background has-link-color wp-elements-33b880df8b13116384c969db5187b518\" style=\"background-color:#9b4f96\"><div class=\"wp-block-group__inner-container is-layout-constrained wp-block-group-is-layout-constrained\">\n<h1 class=\"wp-block-heading has-white-color has-text-color has-link-color wp-elements-80456f4f6bd77a0876a6e99c275f8808\">So engagieren Sie sich bei tEACH<\/h1>\n\n\n\n<p>Das tEACH-Komitee arbeitet an mehreren Projekten und Aktivit\u00e4ten (weitere Informationen finden Sie unter Aktivit\u00e4ten und Projekte). Wenn Sie das Gef\u00fchl haben, dass Sie etwas zu einer dieser Aktivit\u00e4ten beitragen k\u00f6nnen, kontaktieren Sie uns bitte \u00fcber Teach@each.international.<\/p>\n\n\n\n<p>Are you an experienced communication teacher who has an interest in collaborating with and contributing to tEACH&nbsp;on a more regular basis. Currently, we are looking for people with expertise and interest in e-learning, teaching tools and videos, and\/or in making tEACH projects and products more visible. We specifically would welcome communication teachers from dentistry, pharmacy, nursing and\/or paramedical professions.<\/p>\n\n\n\n<p>Da es sich beim tEACH-Ausschuss um eine aktive Gruppe handelt, die an l\u00e4ngerfristigen Projekten arbeitet, begrenzen wir vorzugsweise die Anzahl der Mitglieder und begrenzen auch die Mitgliederfluktuation.<\/p>\n\n\n\n<p>Um dem tEACH-Ausschuss beizutreten, f\u00fcllen Sie bitte das Formular aus&nbsp;<a href=\"https:\/\/each.international\/wp-content\/uploads\/2023\/12\/tEACH-Information-and-application-details-dec-23.docx\">tEACH-Antragsformular<\/a>&nbsp;und kehren Sie zu Teach@each.international zur\u00fcck.<\/p>\n<\/div><\/div>\n\n\n<div id=\"accordion\" class=\"accordion-blocks\">\n    \n            \n            <button class=\"accordion\">Erleichtern Sie die Vernetzung<\/button>\n            <div class=\"accordiontext\">\n                <p>tEACH ist dabei, landesweite und fachspezifische Netzwerke von Kommunikationslehrern aufzubauen und kann interessierten Einzelpersonen beim Auf- und Ausbau dieser Netzwerke sowie bei der Planung von Veranstaltungen (Treffen, Symposien, Workshops) helfen, bei denen Netzwerkmitglieder Ideen austauschen, Probleme l\u00f6sen und vieles mehr k\u00f6nnen Lernen Sie von Experten.<\/p>\n<p>Wenn Sie Interesse haben, sich am Auf-\/Ausbau von Netzwerken zu beteiligen oder Fragen dazu haben, wenden Sie sich bitte an\u00a0<a href=\"mailto:networking@each.international\">networking@each.international<\/a>.<\/p>\n            <\/div>\n        \n            \n            <button class=\"accordion\">Halbj\u00e4hrlicher Lehrpreis<\/button>\n            <div class=\"accordiontext\">\n                <p>Der EACH Teaching Award ist ein innovativer Preis, der darauf abzielt, Lehrer anzuerkennen, die einen bedeutenden und herausragenden Beitrag zur Kommunikationsausbildung im Gesundheitswesen geleistet haben.\u00a0<a href=\"https:\/\/each.international\/de\/eachevents\/awards\/\">klicken Sie hier<\/a>\u00a0f\u00fcr mehr Informationen.<\/p>\n            <\/div>\n        \n            \n            <button class=\"accordion\">R\u00fcckmeldung geben<\/button>\n            <div class=\"accordiontext\">\n                <p>tEACH freut sich \u00fcber Feedback und Ideen, wie wir Kommunikationslehrer am besten unterst\u00fctzen k\u00f6nnen.<\/p>\n<p>F\u00fchlen Sie sich frei, Fragen oder Kommentare an zu senden\u00a0<a href=\"mailto:teach@each.international\">teach@each.international<\/a>.<\/p>\n            <\/div>\n        \n        \n<\/div>\n\n\n\n\n\n<h2 class=\"wp-block-heading has-text-align-center\">tEACH-Kernplanungsgruppe<\/h2>\n\n\n\n<div class=\"wp-block-columns is-layout-flex wp-container-core-columns-is-layout-9d6595d7 wp-block-columns-is-layout-flex\">\n<div class=\"wp-block-column is-layout-flow wp-block-column-is-layout-flow\">\n<div class=\"wp-block-media-text is-stacked-on-mobile\" style=\"grid-template-columns:30% auto\"><figure class=\"wp-block-media-text__media\"><img loading=\"lazy\" width=\"1024\" height=\"1024\" src=\"https:\/\/each.international\/wp-content\/uploads\/2024\/11\/Jane-Ege-Moller-1024x1024.jpg\" alt=\"\" class=\"wp-image-21938 size-full\" srcset=\"https:\/\/each.international\/wp-content\/uploads\/2024\/11\/Jane-Ege-Moller-1024x1024.jpg 1024w, https:\/\/each.international\/wp-content\/uploads\/2024\/11\/Jane-Ege-Moller-300x300.jpg 300w, https:\/\/each.international\/wp-content\/uploads\/2024\/11\/Jane-Ege-Moller-150x150.jpg 150w, https:\/\/each.international\/wp-content\/uploads\/2024\/11\/Jane-Ege-Moller-768x769.jpg 768w, https:\/\/each.international\/wp-content\/uploads\/2024\/11\/Jane-Ege-Moller-12x12.jpg 12w, https:\/\/each.international\/wp-content\/uploads\/2024\/11\/Jane-Ege-Moller-624x625.jpg 624w, https:\/\/each.international\/wp-content\/uploads\/2024\/11\/Jane-Ege-Moller.jpg 1098w\" sizes=\"auto, (max-width: 1024px) 100vw, 1024px\" \/><\/figure><div class=\"wp-block-media-text__content\">\n<p><a href=\"https:\/\/each.international\/de\/members\/jmoller\/\">Jane Ege M\u00f6ller<\/a><br>Stuhl<\/p>\n<\/div><\/div>\n<\/div>\n\n\n\n<div class=\"wp-block-column is-layout-flow wp-block-column-is-layout-flow\">\n<div class=\"wp-block-media-text is-stacked-on-mobile\" style=\"grid-template-columns:30% auto\"><figure class=\"wp-block-media-text__media\"><img loading=\"lazy\" width=\"968\" height=\"968\" src=\"https:\/\/each.international\/wp-content\/uploads\/2024\/11\/Gozie-Offiah2.jpg\" alt=\"\" class=\"wp-image-21940 size-full\" srcset=\"https:\/\/each.international\/wp-content\/uploads\/2024\/11\/Gozie-Offiah2.jpg 968w, https:\/\/each.international\/wp-content\/uploads\/2024\/11\/Gozie-Offiah2-300x300.jpg 300w, https:\/\/each.international\/wp-content\/uploads\/2024\/11\/Gozie-Offiah2-150x150.jpg 150w, https:\/\/each.international\/wp-content\/uploads\/2024\/11\/Gozie-Offiah2-768x768.jpg 768w, https:\/\/each.international\/wp-content\/uploads\/2024\/11\/Gozie-Offiah2-12x12.jpg 12w, https:\/\/each.international\/wp-content\/uploads\/2024\/11\/Gozie-Offiah2-624x624.jpg 624w\" sizes=\"auto, (max-width: 968px) 100vw, 968px\" \/><\/figure><div class=\"wp-block-media-text__content\">\n<p><a href=\"https:\/\/each.international\/de\/members\/goffiah\/\">Gozie Offiah<\/a><br>Co-Vorsitzender<\/p>\n<\/div><\/div>\n<\/div>\n\n\n\n<div class=\"wp-block-column is-layout-flow wp-block-column-is-layout-flow\">\n<div class=\"wp-block-media-text is-stacked-on-mobile\" style=\"grid-template-columns:30% auto\"><figure class=\"wp-block-media-text__media\"><img loading=\"lazy\" width=\"300\" height=\"300\" src=\"https:\/\/each.international\/wp-content\/uploads\/2024\/03\/EACH-Fellow-Doherty.jpg\" alt=\"\" class=\"wp-image-19951 size-full\" srcset=\"https:\/\/each.international\/wp-content\/uploads\/2024\/03\/EACH-Fellow-Doherty.jpg 300w, https:\/\/each.international\/wp-content\/uploads\/2024\/03\/EACH-Fellow-Doherty-150x150.jpg 150w, https:\/\/each.international\/wp-content\/uploads\/2024\/03\/EACH-Fellow-Doherty-12x12.jpg 12w, https:\/\/each.international\/wp-content\/uploads\/2024\/03\/EACH-Fellow-Doherty-200x200.jpg 200w\" sizes=\"auto, (max-width: 300px) 100vw, 300px\" \/><\/figure><div class=\"wp-block-media-text__content\">\n<p><a href=\"https:\/\/each.international\/de\/members\/edoherty\/\">Eva Doherty<\/a><br>Co-Vorsitzender<\/p>\n<\/div><\/div>\n<\/div>\n<\/div>\n\n\n\n<div class=\"wp-block-columns is-layout-flex wp-container-core-columns-is-layout-9d6595d7 wp-block-columns-is-layout-flex\">\n<div class=\"wp-block-column is-layout-flow wp-block-column-is-layout-flow\">\n<div class=\"wp-block-media-text is-stacked-on-mobile\" style=\"grid-template-columns:30% auto\"><figure class=\"wp-block-media-text__media\"><img loading=\"lazy\" width=\"108\" height=\"105\" src=\"https:\/\/each.international\/wp-content\/uploads\/2022\/07\/geurt-essers.png\" alt=\"\" class=\"wp-image-17429 size-full\"\/><\/figure><div class=\"wp-block-media-text__content\">\n<p>Geurt Essers<\/p>\n<\/div><\/div>\n<\/div>\n\n\n\n<div class=\"wp-block-column is-layout-flow wp-block-column-is-layout-flow\">\n<div class=\"wp-block-media-text is-stacked-on-mobile\" style=\"grid-template-columns:30% auto\"><figure class=\"wp-block-media-text__media\"><img loading=\"lazy\" width=\"108\" height=\"105\" src=\"https:\/\/each.international\/wp-content\/uploads\/2022\/07\/holding-profile.png\" alt=\"\" class=\"wp-image-17389 size-full\"\/><\/figure><div class=\"wp-block-media-text__content\">\n<p><a href=\"https:\/\/each.international\/de\/members\/cbachman\/\">Cadja Bachmann<\/a><\/p>\n<\/div><\/div>\n<\/div>\n\n\n\n<div class=\"wp-block-column is-layout-flow wp-block-column-is-layout-flow\">\n<div class=\"wp-block-media-text is-stacked-on-mobile\" style=\"grid-template-columns:30% auto\"><figure class=\"wp-block-media-text__media\"><img loading=\"lazy\" width=\"108\" height=\"105\" src=\"https:\/\/each.international\/wp-content\/uploads\/2022\/07\/marc-van-nuland.png\" alt=\"\" class=\"wp-image-17430 size-full\"\/><\/figure><div class=\"wp-block-media-text__content\">\n<p><a href=\"https:\/\/each.international\/de\/members\/mvannuland\/\">Marc Van Nuland<\/a><\/p>\n<\/div><\/div>\n<\/div>\n<\/div>\n\n\n\n<div class=\"wp-block-columns is-layout-flex wp-container-core-columns-is-layout-9d6595d7 wp-block-columns-is-layout-flex\">\n<div class=\"wp-block-column is-layout-flow wp-block-column-is-layout-flow\">\n<div class=\"wp-block-media-text is-stacked-on-mobile\" style=\"grid-template-columns:30% auto\"><figure class=\"wp-block-media-text__media\"><img loading=\"lazy\" width=\"150\" height=\"150\" src=\"https:\/\/each.international\/wp-content\/uploads\/2022\/05\/marcy.png\" alt=\"\" class=\"wp-image-16907 size-full\"\/><\/figure><div class=\"wp-block-media-text__content\">\n<p><a href=\"https:\/\/each.international\/de\/members\/mrosenbaum\/\">Marcy Rosenbaum<\/a><\/p>\n<\/div><\/div>\n<\/div>\n\n\n\n<div class=\"wp-block-column is-layout-flow wp-block-column-is-layout-flow\">\n<div class=\"wp-block-media-text is-stacked-on-mobile\" style=\"grid-template-columns:30% auto\"><figure class=\"wp-block-media-text__media\"><img loading=\"lazy\" width=\"770\" height=\"769\" src=\"https:\/\/each.international\/wp-content\/uploads\/2024\/11\/Lode-Verreyen.jpg\" alt=\"\" class=\"wp-image-21936 size-full\" srcset=\"https:\/\/each.international\/wp-content\/uploads\/2024\/11\/Lode-Verreyen.jpg 770w, https:\/\/each.international\/wp-content\/uploads\/2024\/11\/Lode-Verreyen-300x300.jpg 300w, https:\/\/each.international\/wp-content\/uploads\/2024\/11\/Lode-Verreyen-150x150.jpg 150w, https:\/\/each.international\/wp-content\/uploads\/2024\/11\/Lode-Verreyen-768x767.jpg 768w, https:\/\/each.international\/wp-content\/uploads\/2024\/11\/Lode-Verreyen-12x12.jpg 12w, https:\/\/each.international\/wp-content\/uploads\/2024\/11\/Lode-Verreyen-624x623.jpg 624w\" sizes=\"auto, (max-width: 770px) 100vw, 770px\" \/><\/figure><div class=\"wp-block-media-text__content\">\n<p><a href=\"https:\/\/each.international\/de\/members\/lverreyen\/\">Lode Verreyen<\/a><\/p>\n<\/div><\/div>\n<\/div>\n\n\n\n<div class=\"wp-block-column is-layout-flow wp-block-column-is-layout-flow\"><\/div>\n<\/div>\n\n\n\n<p><\/p>","protected":false},"excerpt":{"rendered":"<p>What tEACH offers tEACH Group Welcome to tEACH, the subcommittee of EACH that focuses on providing support, resources and sharing of expertise for communication teachers,&hellip;<\/p>","protected":false},"author":996,"featured_media":0,"parent":0,"menu_order":0,"comment_status":"closed","ping_status":"open","template":"page-basic-full-width.php","meta":{"_acf_changed":false,"footnotes":""},"class_list":["post-4261","page","type-page","status-publish","hentry"],"acf":[],"_links":{"self":[{"href":"https:\/\/each.international\/de\/wp-json\/wp\/v2\/pages\/4261","targetHints":{"allow":["GET"]}}],"collection":[{"href":"https:\/\/each.international\/de\/wp-json\/wp\/v2\/pages"}],"about":[{"href":"https:\/\/each.international\/de\/wp-json\/wp\/v2\/types\/page"}],"author":[{"embeddable":true,"href":"https:\/\/each.international\/de\/wp-json\/wp\/v2\/users\/996"}],"replies":[{"embeddable":true,"href":"https:\/\/each.international\/de\/wp-json\/wp\/v2\/comments?post=4261"}],"version-history":[{"count":23,"href":"https:\/\/each.international\/de\/wp-json\/wp\/v2\/pages\/4261\/revisions"}],"predecessor-version":[{"id":21941,"href":"https:\/\/each.international\/de\/wp-json\/wp\/v2\/pages\/4261\/revisions\/21941"}],"wp:attachment":[{"href":"https:\/\/each.international\/de\/wp-json\/wp\/v2\/media?parent=4261"}],"curies":[{"name":"wp","href":"https:\/\/api.w.org\/{rel}","templated":true}]}}